{"id":572,"date":"2024-02-19T21:01:06","date_gmt":"2024-02-19T20:01:06","guid":{"rendered":"https:\/\/przestrzendlaedukacji.org\/?page_id=572"},"modified":"2025-09-05T18:21:56","modified_gmt":"2025-09-05T16:21:56","slug":"o-fundacji","status":"publish","type":"page","link":"https:\/\/przestrzendlaedukacji.org\/index.php\/o-fundacji\/","title":{"rendered":"O nas"},"content":{"rendered":"\t\t<div data-elementor-type=\"wp-page\" data-elementor-id=\"572\" class=\"elementor elementor-572\">\n\t\t\t\t<div class=\"elementor-element elementor-element-5bcee15 e-con-full e-flex wpr-particle-no wpr-jarallax-no wpr-parallax-no e-con e-parent\" data-id=\"5bcee15\" data-element_type=\"container\" data-core-v316-plus=\"true\">\n\t\t\t\t<div class=\"elementor-element elementor-element-49e307b elementor-widget elementor-widget-shortcode\" data-id=\"49e307b\" data-element_type=\"widget\" data-widget_type=\"shortcode.default\">\n\t\t\t\t<div class=\"elementor-widget-container\">\n\t\t\t\t\t<div class=\"elementor-shortcode\">\t\t<div data-elementor-type=\"wp-post\" data-elementor-id=\"313\" class=\"elementor elementor-313\">\n\t\t\t\t<div data-wpr-sticky-section=\"yes\" data-wpr-position-type=\"sticky\" data-wpr-position-offset=\"0\" data-wpr-position-location=\"top\" data-wpr-sticky-devices=\"desktop_sticky\" data-wpr-custom-breakpoints=\"default\" data-wpr-active-breakpoints=\"mobile_sticky tablet_sticky desktop_sticky\" data-wpr-z-index=\"\" data-wpr-sticky-hide=\"\" data-wpr-replace-header=\"\" data-wpr-animation-duration=\"\" data-wpr-sticky-type=\"sticky\" class=\"elementor-element elementor-element-59be014 wpr-sticky-section-yes she-header-yes e-flex e-con-boxed wpr-particle-no wpr-jarallax-no wpr-parallax-no e-con e-parent\" data-id=\"59be014\" data-element_type=\"container\" data-settings=\"{&quot;background_background&quot;:&quot;classic&quot;,&quot;transparent&quot;:&quot;yes&quot;,&quot;scroll_distance&quot;:{&quot;unit&quot;:&quot;px&quot;,&quot;size&quot;:0,&quot;sizes&quot;:[]},&quot;position_offset&quot;:0,&quot;position_offset_tablet&quot;:0,&quot;position_offset_mobile&quot;:0,&quot;transparent_on&quot;:[&quot;desktop&quot;,&quot;tablet&quot;,&quot;mobile&quot;],&quot;scroll_distance_tablet&quot;:{&quot;unit&quot;:&quot;px&quot;,&quot;size&quot;:&quot;&quot;,&quot;sizes&quot;:[]},&quot;scroll_distance_mobile&quot;:{&quot;unit&quot;:&quot;px&quot;,&quot;size&quot;:&quot;&quot;,&quot;sizes&quot;:[]}}\" data-core-v316-plus=\"true\">\n\t\t\t\t\t<div class=\"e-con-inner\">\n\t\t\t\t<div class=\"elementor-element elementor-element-a562a30 elementor-widget elementor-widget-image\" data-id=\"a562a30\" data-element_type=\"widget\" data-widget_type=\"image.default\">\n\t\t\t\t<div class=\"elementor-widget-container\">\n\t\t\t<style>\/*! elementor - v3.20.0 - 10-04-2024 *\/\n.elementor-widget-image{text-align:center}.elementor-widget-image a{display:inline-block}.elementor-widget-image a img[src$=\".svg\"]{width:48px}.elementor-widget-image img{vertical-align:middle;display:inline-block}<\/style>\t\t\t\t\t\t\t\t\t\t\t<a href=\"https:\/\/przestrzendlaedukacji.org\/\">\n\t\t\t\t\t\t\t<img decoding=\"async\" src=\"https:\/\/przestrzendlaedukacji.org\/wp-content\/uploads\/2024\/02\/pde.jpg\" title=\"\" alt=\"\" loading=\"lazy\" \/>\t\t\t\t\t\t\t\t<\/a>\n\t\t\t\t\t\t\t\t\t\t\t\t\t<\/div>\n\t\t\t\t<\/div>\n\t\t\t\t<div class=\"elementor-element elementor-element-6febed6 elementor-widget elementor-widget-ekit-nav-menu\" data-id=\"6febed6\" data-element_type=\"widget\" data-widget_type=\"ekit-nav-menu.default\">\n\t\t\t\t<div class=\"elementor-widget-container\">\n\t\t\t<div class=\"ekit-wid-con ekit_menu_responsive_mobile\" data-hamburger-icon=\"\" data-hamburger-icon-type=\"icon\" data-responsive-breakpoint=\"767\">            <button class=\"elementskit-menu-hamburger elementskit-menu-toggler\"  type=\"button\" aria-label=\"hamburger-icon\">\n                                    <span class=\"elementskit-menu-hamburger-icon\"><\/span><span class=\"elementskit-menu-hamburger-icon\"><\/span><span class=\"elementskit-menu-hamburger-icon\"><\/span>\n                            <\/button>\n            <div id=\"ekit-megamenu-menu\" class=\"elementskit-menu-container elementskit-menu-offcanvas-elements elementskit-navbar-nav-default ekit-nav-menu-one-page-no ekit-nav-dropdown-hover\"><ul id=\"menu-menu\" class=\"elementskit-navbar-nav elementskit-menu-po-center submenu-click-on-icon\"><li id=\"menu-item-578\" class=\"menu-item menu-item-type-post_type menu-item-object-page menu-item-has-children menu-item-578 nav-item elementskit-dropdown-has relative_position elementskit-dropdown-menu-default_width elementskit-mobile-builder-content\" data-vertical-menu=750px><a href=\"https:\/\/przestrzendlaedukacji.org\/index.php\/o-fundacji\/\" class=\"ekit-menu-nav-link ekit-menu-dropdown-toggle\">O nas<i aria-hidden=\"true\" class=\"icon icon-arrow-point-to-down elementskit-submenu-indicator\"><\/i><\/a>\n<ul class=\"elementskit-dropdown elementskit-submenu-panel\">\n\t<li id=\"menu-item-601\" class=\"menu-item menu-item-type-custom menu-item-object-custom menu-item-601 nav-item elementskit-mobile-builder-content\" data-vertical-menu=750px><a href=\"https:\/\/przestrzendlaedukacji.org\/index.php\/o-fundacji\/#eksperci1\" class=\" dropdown-item\">Eksperci i ekspertki<\/a><\/ul>\n<\/li>\n<li id=\"menu-item-637\" class=\"menu-item menu-item-type-post_type menu-item-object-page menu-item-has-children menu-item-637 nav-item elementskit-dropdown-has relative_position elementskit-dropdown-menu-default_width elementskit-mobile-builder-content\" data-vertical-menu=750px><a href=\"https:\/\/przestrzendlaedukacji.org\/index.php\/dzialania\/\" class=\"ekit-menu-nav-link ekit-menu-dropdown-toggle\">Dzia\u0142ania<i aria-hidden=\"true\" class=\"icon icon-arrow-point-to-down elementskit-submenu-indicator\"><\/i><\/a>\n<ul class=\"elementskit-dropdown elementskit-submenu-panel\">\n\t<li id=\"menu-item-641\" class=\"menu-item menu-item-type-custom menu-item-object-custom menu-item-641 nav-item elementskit-mobile-builder-content\" data-vertical-menu=750px><a href=\"https:\/\/przestrzendlaedukacji.org\/index.php\/dzialania\/#opinie1\" class=\" dropdown-item\">Analizy<\/a><\/ul>\n<\/li>\n<li id=\"menu-item-654\" class=\"menu-item menu-item-type-post_type menu-item-object-page menu-item-has-children menu-item-654 nav-item elementskit-dropdown-has relative_position elementskit-dropdown-menu-default_width elementskit-mobile-builder-content\" data-vertical-menu=750px><a href=\"https:\/\/przestrzendlaedukacji.org\/index.php\/projekty\/\" class=\"ekit-menu-nav-link ekit-menu-dropdown-toggle\">Projekty<i aria-hidden=\"true\" class=\"icon icon-arrow-point-to-down elementskit-submenu-indicator\"><\/i><\/a>\n<ul class=\"elementskit-dropdown elementskit-submenu-panel\">\n\t<li id=\"menu-item-656\" class=\"menu-item menu-item-type-custom menu-item-object-custom menu-item-656 nav-item elementskit-mobile-builder-content\" data-vertical-menu=750px><a href=\"https:\/\/przestrzendlaedukacji.org\/index.php\/projekty\/#szkoladebaty1\" class=\" dropdown-item\">Szko\u0142a debaty<\/a>\t<li id=\"menu-item-657\" class=\"menu-item menu-item-type-custom menu-item-object-custom menu-item-657 nav-item elementskit-mobile-builder-content\" data-vertical-menu=750px><a href=\"https:\/\/przestrzendlaedukacji.org\/index.php\/projekty\/#konsultacje1\" class=\" dropdown-item\">Obywatelskie konsultacje<\/a><\/ul>\n<\/li>\n<li id=\"menu-item-648\" class=\"menu-item menu-item-type-post_type menu-item-object-page menu-item-648 nav-item elementskit-mobile-builder-content\" data-vertical-menu=750px><a href=\"https:\/\/przestrzendlaedukacji.org\/index.php\/kontakt\/\" class=\"ekit-menu-nav-link\">Kontakt<\/a><\/li>\n<li id=\"menu-item-647\" class=\"menu-item menu-item-type-post_type menu-item-object-page menu-item-647 nav-item elementskit-mobile-builder-content\" data-vertical-menu=750px><a href=\"https:\/\/przestrzendlaedukacji.org\/index.php\/wspieraj\/\" class=\"ekit-menu-nav-link\">Wspieraj<\/a><\/li>\n<\/ul><div class=\"elementskit-nav-identity-panel\">\n\t\t\t\t<div class=\"elementskit-site-title\">\n\t\t\t\t\t<a class=\"elementskit-nav-logo\" href=\"https:\/\/przestrzendlaedukacji.org\" target=\"_self\" rel=\"\">\n\t\t\t\t\t\t<img decoding=\"async\" src=\"\" title=\"\" alt=\"\" \/>\n\t\t\t\t\t<\/a> \n\t\t\t\t<\/div><button class=\"elementskit-menu-close elementskit-menu-toggler\" type=\"button\">X<\/button><\/div><\/div>\t\t\t\n\t\t\t<div class=\"elementskit-menu-overlay elementskit-menu-offcanvas-elements elementskit-menu-toggler ekit-nav-menu--overlay\"><\/div><\/div>\t\t<\/div>\n\t\t\t\t<\/div>\n\t\t\t\t\t<\/div>\n\t\t\t\t<\/div>\n\t\t\t\t<\/div>\n\t\t<\/div>\n\t\t\t\t<\/div>\n\t\t\t\t<\/div>\n\t\t\t\t<\/div>\n\t\t<div class=\"elementor-element elementor-element-d26cf3e e-flex e-con-boxed wpr-particle-no wpr-jarallax-no wpr-parallax-no wpr-sticky-section-no e-con e-parent\" data-id=\"d26cf3e\" data-element_type=\"container\" data-settings=\"{&quot;_ha_eqh_enable&quot;:false}\" data-core-v316-plus=\"true\">\n\t\t\t\t\t<div class=\"e-con-inner\">\n\t\t\t\t<div class=\"elementor-element elementor-element-e6ae349 elementor-widget elementor-widget-text-editor\" data-id=\"e6ae349\" data-element_type=\"widget\" data-widget_type=\"text-editor.default\">\n\t\t\t\t<div class=\"elementor-widget-container\">\n\t\t\t<style>\/*! elementor - v3.20.0 - 10-04-2024 *\/\n.elementor-widget-text-editor.elementor-drop-cap-view-stacked .elementor-drop-cap{background-color:#69727d;color:#fff}.elementor-widget-text-editor.elementor-drop-cap-view-framed .elementor-drop-cap{color:#69727d;border:3px solid;background-color:transparent}.elementor-widget-text-editor:not(.elementor-drop-cap-view-default) .elementor-drop-cap{margin-top:8px}.elementor-widget-text-editor:not(.elementor-drop-cap-view-default) .elementor-drop-cap-letter{width:1em;height:1em}.elementor-widget-text-editor .elementor-drop-cap{float:left;text-align:center;line-height:1;font-size:50px}.elementor-widget-text-editor .elementor-drop-cap-letter{display:inline-block}<\/style>\t\t\t\t<p><span style=\"font-size: 36pt; font-family: Georgia, Palatino;\">O Fundacji<\/span><\/p>\t\t\t\t\t\t<\/div>\n\t\t\t\t<\/div>\n\t\t\t\t<div class=\"elementor-element elementor-element-63b6336 elementor-widget elementor-widget-text-editor\" data-id=\"63b6336\" data-element_type=\"widget\" data-widget_type=\"text-editor.default\">\n\t\t\t\t<div class=\"elementor-widget-container\">\n\t\t\t\t\t\t\t<p>Edukacja to wsp\u00f3lne dobro \u2013 uczni\u00f3w, uczennic, nauczycieli, nauczycielek, rodzic\u00f3w, pracownik\u00f3w o\u015bwiaty, ekspert\u00f3w, ekspertek, specjalist\u00f3w, nauczycieli akademickich. Jako fundacja staramy si\u0119 dzia\u0142a\u0107 na rzecz jak najszerszego w\u0142\u0105czenia ka\u017cdej z tych grup w dzia\u0142ania na rzecz poprawy jako\u015bci funkcjonowania polskiej szko\u0142y. Monitorujemy zmiany prawa o\u015bwiatowego pod k\u0105tem w\u0142\u0105czania w ten proces zainteresowanych edukacj\u0105 grup, opiniujemy merytorycznie zmiany wprowadzane w o\u015bwiacie.<\/p><p>Wychodzimy z za\u0142o\u017cenia, \u017ce warto\u015bciowa edukacja powinna mie\u0107 dobry pocz\u0105tek ju\u017c na etapie pracy i opieki nad ma\u0142ym dzieckiem w \u017c\u0142obku. Dlatego skupiamy si\u0119 szczeg\u00f3lnie na jako\u015bci merytorycznej edukacji \u017c\u0142obkowej, przedszkolnej i wczesnoszkolnej. Jeste\u015bmy przekonani, \u017ce od dobrze zaplanowanej i prowadzonej edukacji na wczesnych etapach, zale\u017cy sukces starszych uczni\u00f3w- mierzony nie tylko stopniami, ale tak\u017ce poziomem ich zadowolenia ze szko\u0142y i roli ucznia.<\/p><p>Organizujemy seminaria, konferencje, warsztaty, cykle szkoleniowe, przygotowujemy poradniki dla rodzic\u00f3w i nauczycieli, s\u0142u\u017cymy g\u0142osem doradczym.<\/p>\t\t\t\t\t\t<\/div>\n\t\t\t\t<\/div>\n\t\t\t\t\t<\/div>\n\t\t\t\t<\/div>\n\t\t<div class=\"elementor-element elementor-element-437f8fb e-flex e-con-boxed wpr-particle-no wpr-jarallax-no wpr-parallax-no wpr-sticky-section-no e-con e-parent\" data-id=\"437f8fb\" data-element_type=\"container\" data-settings=\"{&quot;background_background&quot;:&quot;classic&quot;,&quot;_ha_eqh_enable&quot;:false}\" data-core-v316-plus=\"true\">\n\t\t\t\t\t<div class=\"e-con-inner\">\n\t\t\t\t<div class=\"elementor-element elementor-element-03bab1a elementor-widget__width-initial elementor-widget elementor-widget-text-editor\" data-id=\"03bab1a\" data-element_type=\"widget\" data-widget_type=\"text-editor.default\">\n\t\t\t\t<div class=\"elementor-widget-container\">\n\t\t\t\t\t\t\t<p><strong>KRS:<\/strong> 0000588325<br \/><strong>NIP:<\/strong> 5213713873<br \/><strong>Regon:<\/strong> 363090074<br \/><strong>Adres:<\/strong> ul. Antoniego J\u00f3zefa Madali\u0144skiego 23A\/69, 02-513 Warszawa<br \/><strong>Numer konta bankowego: <\/strong>VW Bank Polska 59 2130 0004 2001 0720 2625 0001<\/p><p><a title=\"STATUT FUNDACJI\" href=\"https:\/\/przestrzendlaedukacji.files.wordpress.com\/2015\/07\/statut-fundacji.pdf\">STATUT FUNDACJI<\/a><\/p><p><a href=\"https:\/\/przestrzendlaedukacji.org\/wp-content\/uploads\/2024\/04\/otrzymane-dofinansowania_pdf.pdf\">OTRZYMANE DOFINANSOWANIA<\/a><\/p><p><a href=\"https:\/\/ekrs.ms.gov.pl\/rdf\/pd\/search_df\">NASZE SPRAWOZDANIA KRS 0000588325\u00a0\u00a0\u00a0\u00a0\u00a0\u00a0\u00a0\u00a0\u00a0 <\/a><\/p>\t\t\t\t\t\t<\/div>\n\t\t\t\t<\/div>\n\t\t\t\t\t<\/div>\n\t\t\t\t<\/div>\n\t\t<div class=\"elementor-element elementor-element-8351092 e-flex e-con-boxed wpr-particle-no wpr-jarallax-no wpr-parallax-no wpr-sticky-section-no e-con e-parent\" data-id=\"8351092\" data-element_type=\"container\" data-settings=\"{&quot;background_background&quot;:&quot;classic&quot;,&quot;_ha_eqh_enable&quot;:false}\" data-core-v316-plus=\"true\">\n\t\t\t\t\t<div class=\"e-con-inner\">\n\t\t\t\t<div class=\"elementor-element elementor-element-23b82b1 elementor-widget__width-inherit elementor-widget elementor-widget-text-editor\" data-id=\"23b82b1\" data-element_type=\"widget\" data-widget_type=\"text-editor.default\">\n\t\t\t\t<div class=\"elementor-widget-container\">\n\t\t\t\t\t\t\t<p id=\"path\"><span style=\"font-size: 12pt;\"><strong>Zarz\u0105d:<\/strong><\/span><\/p><p><span style=\"font-family: Georgia, Palatino; font-size: 12pt;\">Iga Kazimierczyk \u2013 prezeska<\/span><br \/><span style=\"font-family: Georgia, Palatino; font-size: 12pt;\">Anna Schmidt &#8211; Fic<\/span><br \/><span style=\"font-family: Georgia, Palatino; font-size: 12pt;\">Maria Kowalewska<\/span><\/p><p>\u00a0<\/p><p><span style=\"font-size: 12pt;\"><strong>Rada fundacji:<\/strong><\/span><\/p><p><span style=\"font-size: 12pt;\">Krzysztof Kliszczy\u0144ski<\/span><br \/><span style=\"font-size: 12pt;\">dr Dorota Sobiera\u0144ska<\/span><br \/><span style=\"font-size: 12pt;\">Agnieszka Podg\u00f3rska<\/span><\/p><p>\u00a0<\/p><p><span style=\"font-size: 12pt;\"><strong>Rada programowa:<\/strong><\/span><\/p><p><span style=\"font-size: 12pt;\">prof. Ma\u0142gorzata \u017bytko<\/span><br \/><span style=\"font-size: 12pt;\">dr Ma\u0142gorzata Sie\u0144czewska<\/span><br \/><span style=\"font-size: 12pt;\">Sylwia Chutnik<\/span><\/p>\t\t\t\t\t\t<\/div>\n\t\t\t\t<\/div>\n\t\t\t\t\t<\/div>\n\t\t\t\t<\/div>\n\t\t<div class=\"elementor-element elementor-element-47bc66c e-flex e-con-boxed wpr-particle-no wpr-jarallax-no wpr-parallax-no wpr-sticky-section-no e-con e-parent\" data-id=\"47bc66c\" data-element_type=\"container\" data-settings=\"{&quot;background_background&quot;:&quot;classic&quot;,&quot;_ha_eqh_enable&quot;:false}\" data-core-v316-plus=\"true\">\n\t\t\t\t\t<div class=\"e-con-inner\">\n\t\t\t\t<div class=\"elementor-element elementor-element-a98ea3b elementor-widget elementor-widget-menu-anchor\" data-id=\"a98ea3b\" data-element_type=\"widget\" data-widget_type=\"menu-anchor.default\">\n\t\t\t\t<div class=\"elementor-widget-container\">\n\t\t\t<style>\/*! elementor - v3.20.0 - 10-04-2024 *\/\nbody.elementor-page .elementor-widget-menu-anchor{margin-bottom:0}<\/style>\t\t<div id=\"eksperci1\" class=\"elementor-menu-anchor\"><\/div>\n\t\t\t\t<\/div>\n\t\t\t\t<\/div>\n\t\t\t\t<div class=\"elementor-element elementor-element-f99f330 elementor-widget elementor-widget-text-editor\" data-id=\"f99f330\" data-element_type=\"widget\" data-widget_type=\"text-editor.default\">\n\t\t\t\t<div class=\"elementor-widget-container\">\n\t\t\t\t\t\t\t<p><span style=\"font-size: 36pt; font-family: Georgia, Palatino;\">Eksperci i ekspertki<br \/><\/span><\/p>\t\t\t\t\t\t<\/div>\n\t\t\t\t<\/div>\n\t\t\t\t<div class=\"elementor-element elementor-element-272cced elementor-widget-tablet__width-initial elementor-widget elementor-widget-image\" data-id=\"272cced\" data-element_type=\"widget\" data-widget_type=\"image.default\">\n\t\t\t\t<div class=\"elementor-widget-container\">\n\t\t\t\t\t\t\t\t\t\t\t\t\t<img decoding=\"async\" width=\"150\" height=\"150\" src=\"https:\/\/przestrzendlaedukacji.org\/wp-content\/uploads\/2024\/03\/iga_kazimierczyk_2024-150x150.jpg\" class=\"attachment-thumbnail size-thumbnail wp-image-902\" alt=\"\" srcset=\"https:\/\/przestrzendlaedukacji.org\/wp-content\/uploads\/2024\/03\/iga_kazimierczyk_2024-150x150.jpg 150w, https:\/\/przestrzendlaedukacji.org\/wp-content\/uploads\/2024\/03\/iga_kazimierczyk_2024.jpg 300w\" sizes=\"(max-width: 150px) 100vw, 150px\" \/>\t\t\t\t\t\t\t\t\t\t\t\t\t<\/div>\n\t\t\t\t<\/div>\n\t\t\t\t<div class=\"elementor-element elementor-element-8a96fcc elementor-widget elementor-widget-text-editor\" data-id=\"8a96fcc\" data-element_type=\"widget\" data-widget_type=\"text-editor.default\">\n\t\t\t\t<div class=\"elementor-widget-container\">\n\t\t\t\t\t\t\t<p><strong>Iga Kazimierczyk<\/strong><\/p><p>Pedagog, nauczycielka, trenerka, koordynatorka program\u00f3w edukacyjnych. Prezeska Fundacji \u201ePrzestrze\u0144 dla edukacji\u201d. Prowadzi zaj\u0119cia dla student\u00f3w na Wydziale Pedagogicznym UW. Kieruje pracami punktu dziennego opiekuna \u201eDrejdel\u201d. Jest zaanga\u017cowana w ruch spo\u0142eczny \u201eObywatele dla edukacji\u201d. Uko\u0144czy\u0142a Kurs Trener\u00f3w Organizacji Pozarz\u0105dowych, specjalizuje si\u0119 w szkoleniach z metody projektu, oceniania kszta\u0142tuj\u0105cego i wsp\u00f3\u0142pracy z rodzicami. Pisze materia\u0142y, poradniki i scenariusze zaj\u0119\u0107 dla nauczycieli.<\/p>\t\t\t\t\t\t<\/div>\n\t\t\t\t<\/div>\n\t\t\t\t<div class=\"elementor-element elementor-element-a2f294a elementor-widget-tablet__width-initial elementor-widget elementor-widget-image\" data-id=\"a2f294a\" data-element_type=\"widget\" data-widget_type=\"image.default\">\n\t\t\t\t<div class=\"elementor-widget-container\">\n\t\t\t\t\t\t\t\t\t\t\t\t\t<img decoding=\"async\" width=\"150\" height=\"150\" src=\"https:\/\/przestrzendlaedukacji.org\/wp-content\/uploads\/2024\/03\/zosia-grudzinska_2024-150x150.jpg\" class=\"attachment-thumbnail size-thumbnail wp-image-908\" alt=\"\" srcset=\"https:\/\/przestrzendlaedukacji.org\/wp-content\/uploads\/2024\/03\/zosia-grudzinska_2024-150x150.jpg 150w, https:\/\/przestrzendlaedukacji.org\/wp-content\/uploads\/2024\/03\/zosia-grudzinska_2024.jpg 300w\" sizes=\"(max-width: 150px) 100vw, 150px\" \/>\t\t\t\t\t\t\t\t\t\t\t\t\t<\/div>\n\t\t\t\t<\/div>\n\t\t\t\t<div class=\"elementor-element elementor-element-9afc2f1 elementor-widget elementor-widget-text-editor\" data-id=\"9afc2f1\" data-element_type=\"widget\" data-widget_type=\"text-editor.default\">\n\t\t\t\t<div class=\"elementor-widget-container\">\n\t\t\t\t\t\t\t<p><strong>Zofia Grudzi\u0144ska<\/strong><\/p><p>Jestem nauczycielk\u0105 j\u0119zyka, psycholo\u017ck\u0105, pasjonuj\u0119 si\u0119 tym, jak tworzone s\u0105 ramy prawne dla edukacji. Mieszkam na wsi, prowadz\u0119 mini-schronisko dla bezdomnych zwierz\u0105t. Jestem wsp\u00f3\u0142za\u0142o\u017cycielk\u0105 i koordynatork\u0105<a href=\"http:\/\/www.obywateledlaedukacji.org\"> Ruchu Spo\u0142ecznego Obywatele dla Edukacji.<\/a><\/p>\t\t\t\t\t\t<\/div>\n\t\t\t\t<\/div>\n\t\t\t\t<div class=\"elementor-element elementor-element-e9d52ff elementor-widget-tablet__width-initial elementor-widget elementor-widget-image\" data-id=\"e9d52ff\" data-element_type=\"widget\" data-widget_type=\"image.default\">\n\t\t\t\t<div class=\"elementor-widget-container\">\n\t\t\t\t\t\t\t\t\t\t\t\t\t<img decoding=\"async\" width=\"150\" height=\"150\" src=\"https:\/\/przestrzendlaedukacji.org\/wp-content\/uploads\/2024\/04\/marysia_kowalewska-150x150.jpg\" class=\"attachment-thumbnail size-thumbnail wp-image-1426\" alt=\"\" srcset=\"https:\/\/przestrzendlaedukacji.org\/wp-content\/uploads\/2024\/04\/marysia_kowalewska-150x150.jpg 150w, https:\/\/przestrzendlaedukacji.org\/wp-content\/uploads\/2024\/04\/marysia_kowalewska.jpg 300w\" sizes=\"(max-width: 150px) 100vw, 150px\" \/>\t\t\t\t\t\t\t\t\t\t\t\t\t<\/div>\n\t\t\t\t<\/div>\n\t\t\t\t<div class=\"elementor-element elementor-element-3d2b2a4 elementor-widget elementor-widget-text-editor\" data-id=\"3d2b2a4\" data-element_type=\"widget\" data-widget_type=\"text-editor.default\">\n\t\t\t\t<div class=\"elementor-widget-container\">\n\t\t\t\t\t\t\t<p><strong>Maria Kowalewska<br \/><br \/><\/strong>Jestem animatork\u0105 spo\u0142eczno- kulturowa, wychowawczyni\u0105, pedago\u017ck\u0105, nauczycielk\u0105. Od 9 lat jestem zwi\u0105zana z edukacj\u0105 formaln\u0105.\u00a0 Jestem tak\u017ce renerka\u0105 edukacji antydyskryminacyjnej, aktywistk\u0105, kt\u00f3rej bliska jest edukacja mi\u0119dzykulturowa i globalna. Ucz\u0119 tak\u017ce j\u0119zyka polskiego jako obcego. Pochodz\u0119 z Suwalszczyzny.<\/p>\t\t\t\t\t\t<\/div>\n\t\t\t\t<\/div>\n\t\t\t\t<div class=\"elementor-element elementor-element-92a8462 elementor-widget-tablet__width-initial elementor-widget elementor-widget-image\" data-id=\"92a8462\" data-element_type=\"widget\" data-widget_type=\"image.default\">\n\t\t\t\t<div class=\"elementor-widget-container\">\n\t\t\t\t\t\t\t\t\t\t\t\t\t<img loading=\"lazy\" decoding=\"async\" width=\"150\" height=\"150\" src=\"https:\/\/przestrzendlaedukacji.org\/wp-content\/uploads\/2024\/05\/tomek-150x150.jpg\" class=\"attachment-thumbnail size-thumbnail wp-image-1486\" alt=\"\" srcset=\"https:\/\/przestrzendlaedukacji.org\/wp-content\/uploads\/2024\/05\/tomek-150x150.jpg 150w, https:\/\/przestrzendlaedukacji.org\/wp-content\/uploads\/2024\/05\/tomek-300x300.jpg 300w, https:\/\/przestrzendlaedukacji.org\/wp-content\/uploads\/2024\/05\/tomek-1024x1024.jpg 1024w, https:\/\/przestrzendlaedukacji.org\/wp-content\/uploads\/2024\/05\/tomek-768x768.jpg 768w, https:\/\/przestrzendlaedukacji.org\/wp-content\/uploads\/2024\/05\/tomek-600x600.jpg 600w, https:\/\/przestrzendlaedukacji.org\/wp-content\/uploads\/2024\/05\/tomek.jpg 1080w\" sizes=\"(max-width: 150px) 100vw, 150px\" \/>\t\t\t\t\t\t\t\t\t\t\t\t\t<\/div>\n\t\t\t\t<\/div>\n\t\t\t\t<div class=\"elementor-element elementor-element-567a203 elementor-widget elementor-widget-text-editor\" data-id=\"567a203\" data-element_type=\"widget\" data-widget_type=\"text-editor.default\">\n\t\t\t\t<div class=\"elementor-widget-container\">\n\t\t\t\t\t\t\t<p><b>Tomasz Kosmalski<\/b><\/p><p>oligofrenopedagog, uczy\u0142 w warszawskich szko\u0142ach specjalnych. Dzia\u0142a na rzecz r\u00f3wno\u015bci spo\u0142ecznej &#8211; szczeg\u00f3lnie dla os\u00f3b z niepe\u0142nosprawno\u015bciami, przeciwdzia\u0142aj\u0105c ich defaworyzacji. Pochodzi z Wielkopolski.<\/p>\t\t\t\t\t\t<\/div>\n\t\t\t\t<\/div>\n\t\t\t\t<div class=\"elementor-element elementor-element-27b6b18 elementor-widget-tablet__width-initial elementor-widget elementor-widget-image\" data-id=\"27b6b18\" data-element_type=\"widget\" data-widget_type=\"image.default\">\n\t\t\t\t<div class=\"elementor-widget-container\">\n\t\t\t\t\t\t\t\t\t\t\t\t\t<img loading=\"lazy\" decoding=\"async\" width=\"150\" height=\"150\" src=\"https:\/\/przestrzendlaedukacji.org\/wp-content\/uploads\/2024\/05\/ania-150x150.jpg\" class=\"attachment-thumbnail size-thumbnail wp-image-1494\" alt=\"\" srcset=\"https:\/\/przestrzendlaedukacji.org\/wp-content\/uploads\/2024\/05\/ania-150x150.jpg 150w, https:\/\/przestrzendlaedukacji.org\/wp-content\/uploads\/2024\/05\/ania-600x600.jpg 600w\" sizes=\"(max-width: 150px) 100vw, 150px\" \/>\t\t\t\t\t\t\t\t\t\t\t\t\t<\/div>\n\t\t\t\t<\/div>\n\t\t\t\t<div class=\"elementor-element elementor-element-6a8bacb elementor-widget elementor-widget-text-editor\" data-id=\"6a8bacb\" data-element_type=\"widget\" data-widget_type=\"text-editor.default\">\n\t\t\t\t<div class=\"elementor-widget-container\">\n\t\t\t\t\t\t\t<p><strong>Anna Schmidt &#8211; Fic<br \/><\/strong><\/p><p>nauczycielka z 27-letnim sta\u017cem pracy w publicznych szko\u0142ach \u015brednich, absolwentka wydzia\u0142u Matematyki i Informatyki na Uniwersytecie im Adama Mickiewicza w Poznaniu. Aktywistka zaanga\u017cowana w dzia\u0142ania na rzecz dobrej edukacji. Liderka i wsp\u00f3\u0142tw\u00f3rczyni inicjatywy &#8220;Protest z Wykrzyknikiem&#8221;. Jedna z koordynatorek kampanii &#8220;Wolna Szko\u0142a&#8221;, matka dw\u00f3ch c\u00f3rek &#8211; Kasi i Ma\u0142gosi<\/p>\t\t\t\t\t\t<\/div>\n\t\t\t\t<\/div>\n\t\t\t\t<div class=\"elementor-element elementor-element-14f9d8e elementor-widget-tablet__width-initial elementor-widget elementor-widget-image\" data-id=\"14f9d8e\" data-element_type=\"widget\" data-widget_type=\"image.default\">\n\t\t\t\t<div class=\"elementor-widget-container\">\n\t\t\t\t\t\t\t\t\t\t\t\t\t<img loading=\"lazy\" decoding=\"async\" width=\"150\" height=\"150\" src=\"https:\/\/przestrzendlaedukacji.org\/wp-content\/uploads\/2024\/05\/maciek-150x150.jpg\" class=\"attachment-thumbnail size-thumbnail wp-image-1498\" alt=\"\" srcset=\"https:\/\/przestrzendlaedukacji.org\/wp-content\/uploads\/2024\/05\/maciek-150x150.jpg 150w, https:\/\/przestrzendlaedukacji.org\/wp-content\/uploads\/2024\/05\/maciek-600x600.jpg 600w\" sizes=\"(max-width: 150px) 100vw, 150px\" \/>\t\t\t\t\t\t\t\t\t\t\t\t\t<\/div>\n\t\t\t\t<\/div>\n\t\t\t\t<div class=\"elementor-element elementor-element-f601f10 elementor-widget elementor-widget-text-editor\" data-id=\"f601f10\" data-element_type=\"widget\" data-widget_type=\"text-editor.default\">\n\t\t\t\t<div class=\"elementor-widget-container\">\n\t\t\t\t\t\t\t<p><b>Maciej Sok\u00f3\u0142<\/b><\/p><p>psycholog, trener pracy, szkoleniowiec. Za\u0142o\u017cyciel inicjatywy obywatelskiej ISKRA. Aktywista dzia\u0142aj\u0105cy na rzecz obrony porz\u0105dku demokratycznego. Rodzic bior\u0105cy aktywny udzia\u0142 w \u017cyciu szko\u0142y, zainteresowany zwi\u0119kszaniem \u015bwiadomo\u015bci spo\u0142ecznej dotycz\u0105cej znaczenia edukacji i zwi\u0119kszeniem aktywno\u015bci rodzic\u00f3w zwi\u0105zanej ze szko\u0142\u0105.\u00a0<\/p>\t\t\t\t\t\t<\/div>\n\t\t\t\t<\/div>\n\t\t\t\t\t<\/div>\n\t\t\t\t<\/div>\n\t\t<div class=\"elementor-element elementor-element-68e7680 e-con-full e-flex wpr-particle-no wpr-jarallax-no wpr-parallax-no wpr-sticky-section-no e-con e-parent\" data-id=\"68e7680\" data-element_type=\"container\" data-settings=\"{&quot;_ha_eqh_enable&quot;:false}\" data-core-v316-plus=\"true\">\n\t\t\t\t<div class=\"elementor-element elementor-element-b35299b elementor-widget-tablet__width-initial elementor-widget elementor-widget-shortcode\" data-id=\"b35299b\" data-element_type=\"widget\" data-widget_type=\"shortcode.default\">\n\t\t\t\t<div class=\"elementor-widget-container\">\n\t\t\t\t\t<div class=\"elementor-shortcode\">\t\t<div data-elementor-type=\"wp-post\" data-elementor-id=\"782\" class=\"elementor elementor-782\">\n\t\t\t\t<div class=\"elementor-element elementor-element-59be014 e-con-full e-flex wpr-particle-no wpr-jarallax-no wpr-parallax-no e-con e-parent\" data-id=\"59be014\" data-element_type=\"container\" data-settings=\"{&quot;background_background&quot;:&quot;classic&quot;}\" data-core-v316-plus=\"true\">\n\t\t\t\t<div class=\"elementor-element elementor-element-a562a30 elementor-widget elementor-widget-image\" data-id=\"a562a30\" data-element_type=\"widget\" data-widget_type=\"image.default\">\n\t\t\t\t<div class=\"elementor-widget-container\">\n\t\t\t\t\t\t\t\t\t\t\t\t\t\t<a href=\"https:\/\/przestrzendlaedukacji.org\/\">\n\t\t\t\t\t\t\t<img decoding=\"async\" src=\"https:\/\/przestrzendlaedukacji.org\/wp-content\/uploads\/2024\/02\/pde.jpg\" title=\"\" alt=\"\" loading=\"lazy\" \/>\t\t\t\t\t\t\t\t<\/a>\n\t\t\t\t\t\t\t\t\t\t\t\t\t<\/div>\n\t\t\t\t<\/div>\n\t\t\t\t<div class=\"elementor-element elementor-element-3885d31 elementor-widget elementor-widget-text-editor\" data-id=\"3885d31\" data-element_type=\"widget\" data-widget_type=\"text-editor.default\">\n\t\t\t\t<div class=\"elementor-widget-container\">\n\t\t\t\t\t\t\t<p><strong>Adres:<\/strong> <br \/>ul. Antoniego J\u00f3zefa Madali\u0144skiego 23A\/69<br \/>02-513 Warszawa<\/p>\t\t\t\t\t\t<\/div>\n\t\t\t\t<\/div>\n\t\t\t\t<div class=\"elementor-element elementor-element-6b4a722 elementor-widget elementor-widget-text-editor\" data-id=\"6b4a722\" data-element_type=\"widget\" data-widget_type=\"text-editor.default\">\n\t\t\t\t<div class=\"elementor-widget-container\">\n\t\t\t\t\t\t\t<p>\u00a0\u00a0\u00a0\u00a0\u00a0 <\/p>\t\t\t\t\t\t<\/div>\n\t\t\t\t<\/div>\n\t\t\t\t<div class=\"elementor-element elementor-element-5b06ea9 elementor-widget elementor-widget-text-editor\" data-id=\"5b06ea9\" data-element_type=\"widget\" data-widget_type=\"text-editor.default\">\n\t\t\t\t<div class=\"elementor-widget-container\">\n\t\t\t\t\t\t\t<p><strong>KRS:<\/strong>\u00a00000588325<br \/><strong>NIP:<\/strong>\u00a05213713873<br \/><strong>Regon:<\/strong>\u00a0363090074<\/p>\t\t\t\t\t\t<\/div>\n\t\t\t\t<\/div>\n\t\t\t\t<\/div>\n\t\t<div class=\"elementor-element elementor-element-6fcdbef e-con-full e-flex wpr-particle-no wpr-jarallax-no wpr-parallax-no e-con e-parent\" data-id=\"6fcdbef\" data-element_type=\"container\" data-settings=\"{&quot;background_background&quot;:&quot;classic&quot;}\" data-core-v316-plus=\"true\">\n\t\t\t\t<div class=\"elementor-element elementor-element-4ec43e6 elementor-widget__width-initial elementor-widget elementor-widget-text-editor\" data-id=\"4ec43e6\" data-element_type=\"widget\" data-widget_type=\"text-editor.default\">\n\t\t\t\t<div class=\"elementor-widget-container\">\n\t\t\t\t\t\t\t<p>Copyright \u00a9 2024<\/p>\t\t\t\t\t\t<\/div>\n\t\t\t\t<\/div>\n\t\t\t\t<div class=\"elementor-element elementor-element-a92c84d elementor-widget elementor-widget-text-editor\" data-id=\"a92c84d\" data-element_type=\"widget\" data-widget_type=\"text-editor.default\">\n\t\t\t\t<div class=\"elementor-widget-container\">\n\t\t\t\t\t\t\t<p>\u00a0\u00a0\u00a0\u00a0\u00a0\u00a0\u00a0 .<\/p>\t\t\t\t\t\t<\/div>\n\t\t\t\t<\/div>\n\t\t\t\t<div class=\"elementor-element elementor-element-911cb05 elementor-widget__width-initial elementor-widget elementor-widget-text-editor\" data-id=\"911cb05\" data-element_type=\"widget\" data-widget_type=\"text-editor.default\">\n\t\t\t\t<div class=\"elementor-widget-container\">\n\t\t\t\t\t\t\t<p>Polityka prywatno\u015bci<\/p>\t\t\t\t\t\t<\/div>\n\t\t\t\t<\/div>\n\t\t\t\t<\/div>\n\t\t\t\t<\/div>\n\t\t<\/div>\n\t\t\t\t<\/div>\n\t\t\t\t<\/div>\n\t\t\t\t<\/div>\n\t\t\t\t<\/div>\n\t\t","protected":false},"excerpt":{"rendered":"<p>O Fundacji Edukacja to wsp\u00f3lne dobro \u2013 uczni\u00f3w, uczennic, nauczycieli, nauczycielek, rodzic\u00f3w, pracownik\u00f3w o\u015bwiaty, ekspert\u00f3w, ekspertek, specjalist\u00f3w, nauczycieli akademickich. Jako fundacja staramy si\u0119 dzia\u0142a\u0107 na rzecz jak najszerszego w\u0142\u0105czenia ka\u017cdej z tych grup w dzia\u0142ania na rzecz poprawy jako\u015bci funkcjonowania polskiej szko\u0142y. Monitorujemy zmiany prawa o\u015bwiatowego pod k\u0105tem w\u0142\u0105czania w ten proces zainteresowanych edukacj\u0105 grup, [&hellip;]<\/p>\n","protected":false},"author":1,"featured_media":0,"parent":0,"menu_order":0,"comment_status":"closed","ping_status":"closed","template":"elementor_header_footer","meta":{"_eb_attr":"","footnotes":""},"_links":{"self":[{"href":"https:\/\/przestrzendlaedukacji.org\/index.php\/wp-json\/wp\/v2\/pages\/572"}],"collection":[{"href":"https:\/\/przestrzendlaedukacji.org\/index.php\/wp-json\/wp\/v2\/pages"}],"about":[{"href":"https:\/\/przestrzendlaedukacji.org\/index.php\/wp-json\/wp\/v2\/types\/page"}],"author":[{"embeddable":true,"href":"https:\/\/przestrzendlaedukacji.org\/index.php\/wp-json\/wp\/v2\/users\/1"}],"replies":[{"embeddable":true,"href":"https:\/\/przestrzendlaedukacji.org\/index.php\/wp-json\/wp\/v2\/comments?post=572"}],"version-history":[{"count":321,"href":"https:\/\/przestrzendlaedukacji.org\/index.php\/wp-json\/wp\/v2\/pages\/572\/revisions"}],"predecessor-version":[{"id":1612,"href":"https:\/\/przestrzendlaedukacji.org\/index.php\/wp-json\/wp\/v2\/pages\/572\/revisions\/1612"}],"wp:attachment":[{"href":"https:\/\/przestrzendlaedukacji.org\/index.php\/wp-json\/wp\/v2\/media?parent=572"}],"curies":[{"name":"wp","href":"https:\/\/api.w.org\/{rel}","templated":true}]}}